{"id":50409,"date":"2015-12-22T00:06:02","date_gmt":"2015-12-21T23:06:02","guid":{"rendered":"https:\/\/www.comprarmejor.es\/producto\/1958-conde-de-colombi-the-horse-in-the-bullfight\/"},"modified":"2019-09-08T23:03:25","modified_gmt":"2019-09-08T21:03:25","slug":"1958-conde-de-colombi-the-horse-in-the-bullfight","status":"publish","type":"product","link":"https:\/\/www.comprarmejor.es\/en\/product\/1958-conde-de-colombi-the-horse-in-the-bullfight\/","title":{"rendered":"1958 Conde de Colombi, The horse in the bullfight"},"content":{"rendered":"<p style=\"text-align:justify;\"><span id=\"result_box\" lang=\"en\" xml:lang=\"en\"><span class=\"hps\">The horse<\/span> <span class=\"hps\">in<\/span> <span class=\"hps\">the<\/span> <span class=\"hps\">bullfight<\/span> <span class=\"hps\">by<\/span> <span class=\"hps\">Jos\u00e9<\/span> <span class=\"hps\">Mar\u00eda<\/span> <span class=\"hps\">Guti\u00e9rrez<\/span> <span class=\"hps\">Ballesteros<\/span>, Count of <span class=\"hps\">Colomb\u00ed<\/span>. <span class=\"hps\">First Edition<\/span>, <span class=\"hps\">1958<\/span>.<\/p>\n<p><span class=\"hps\">4th<\/span> <span class=\"hps\">lower<\/span> <span class=\"hps\">format<\/span> <span class=\"hps\">16<\/span> <span class=\"hps\">x<\/span> <span class=\"hps\">22.5<\/span> <span class=\"hps\">cm<\/span>. <span class=\"hps\">56<\/span> <span class=\"hps\">pages.<\/span> <span class=\"hps\">And<\/span> <span class=\"hps\">illustrated<\/span> <span class=\"hps\">with<\/span> <span class=\"hps\">period photographs<\/span>.<\/p>\n<p><span class=\"hps\">Numbered<\/span> <span class=\"hps\">limited edition of<\/span> <span class=\"hps\">350 copies<\/span>, <span class=\"hps\">50 of them<\/span> <span class=\"hps\">on special paper<\/span> <span class=\"hps\">yarn<\/span> <span class=\"hps\">and this<\/span> <span class=\"hps\">exemplary<\/span> <span class=\"hps\">one,<\/span> <span class=\"hps\">unsigned<\/span> <span class=\"hps\">by the author.<\/span><\/p>\n<p><span class=\"hps\">Copy in<\/span> <span class=\"hps\">very good condition,<\/span> <span class=\"hps\">as<\/span> <span class=\"hps\">you can<\/span> <span class=\"hps\">see<\/span> <span class=\"hps\">in the photographs.<\/span> <span class=\"hps\">Covered<\/span> <span class=\"hps\">with slight<\/span> <span class=\"hps\">signs of wear and<\/span> <span class=\"hps\">time<\/span>, interior in <span class=\"hps\">perfect condition.<\/span> <span class=\"hps\">The edges are<\/span> <span class=\"hps\">not<\/span> <span class=\"hps\">trimmed<\/span> <span class=\"hps\">by the<\/span> <span class=\"hps\">editor<\/span>, a common practice <span class=\"hps\">in those days.<\/span><\/p>\n<p><span class=\"hps\">Shipping<\/span> <span class=\"hps\">by the buyer<\/span>, <span class=\"hps\">upon request<\/span> <span class=\"hps\">and destination.<\/span>\u00a0<a class=\"btn btn-default\" href=\"http:\/\/comprarmejor.es\/en\/contact\">Consult<\/a> <span class=\"hps\">any<\/span> <span class=\"hps\">doubt,<\/span> <span class=\"hps\">and by the<\/span> <span class=\"hps\">article or work<\/span> <span class=\"hps\">you are seeking.<\/span><\/span><\/p>\n","protected":false},"excerpt":{"rendered":"<p style=\"text-align:justify;\"><span id=\"result_box\" lang=\"en\" xml:lang=\"en\"><span class=\"hps\">The horse<\/span> <span class=\"hps\">in<\/span> <span class=\"hps\">the<\/span> <span class=\"hps\">bullfight<\/span> <span class=\"hps\">by<\/span> <span class=\"hps\">Jos\u00e9<\/span> <span class=\"hps\">Mar\u00eda<\/span> <span class=\"hps\">Guti\u00e9rrez<\/span> <span class=\"hps\">Ballesteros<\/span>, Count of <span class=\"hps\">Colomb\u00ed<\/span>. <span class=\"hps\">First Edition<\/span>, <span class=\"hps\">1958<\/span>.<\/span><\/p>\n","protected":false},"featured_media":50399,"template":"","meta":[],"product_brand":[],"product_cat":[2188,2242],"product_tag":[],"class_list":{"0":"post-50409","1":"product","2":"type-product","3":"status-publish","4":"has-post-thumbnail","6":"product_cat-books","7":"product_cat-first-editions","8":"product_shipping_class-from-0-to-1-kg","9":"description-off","11":"first","12":"instock","13":"taxable","14":"shipping-taxable","15":"purchasable","16":"product-type-simple"},"yoast_head":"<!-- This site is optimized with the Yoast SEO plugin v27.3 - https:\/\/yoast.com\/product\/yoast-seo-wordpress\/ -->\n<title>Conde de Colombi, The horse in the bullfight, 1958<\/title>\n<meta name=\"description\" content=\"The horse in the bullfight by Jos\u00e9 Mar\u00eda Guti\u00e9rrez Ballesteros, Count of Colomb\u00ed. First Edition, 1958.\" \/>\n<meta name=\"robots\" content=\"index, follow, max-snippet:-1, max-image-preview:large, max-video-preview:-1\" \/>\n<link rel=\"canonical\" href=\"https:\/\/www.comprarmejor.es\/en\/product\/1958-conde-de-colombi-the-horse-in-the-bullfight\/\" \/>\n<meta property=\"og:locale\" content=\"en_US\" \/>\n<meta property=\"og:type\" content=\"article\" \/>\n<meta property=\"og:title\" content=\"Conde de Colombi, The horse in the bullfight, 1958\" \/>\n<meta property=\"og:description\" content=\"The horse in the bullfight by Jos\u00e9 Mar\u00eda Guti\u00e9rrez Ballesteros, Count of Colomb\u00ed. First Edition, 1958.\" \/>\n<meta property=\"og:url\" content=\"https:\/\/www.comprarmejor.es\/en\/product\/1958-conde-de-colombi-the-horse-in-the-bullfight\/\" \/>\n<meta property=\"og:site_name\" content=\"ComprarMejor\" \/>\n<meta property=\"article:modified_time\" content=\"2019-09-08T21:03:25+00:00\" \/>\n<meta property=\"og:image\" content=\"https:\/\/www.comprarmejor.es\/wp-content\/uploads\/2015\/12\/p_1_9_6_5_1965-1958-Conde-de-Colombi-El-caballo-en-la-fiesta-de-toros.jpg\" \/>\n\t<meta property=\"og:image:width\" content=\"480\" \/>\n\t<meta property=\"og:image:height\" content=\"600\" \/>\n\t<meta property=\"og:image:type\" content=\"image\/jpeg\" \/>\n<meta name=\"twitter:card\" content=\"summary_large_image\" \/>\n<meta name=\"twitter:label1\" content=\"Est. reading time\" \/>\n\t<meta name=\"twitter:data1\" content=\"1 minute\" \/>\n<script type=\"application\/ld+json\" class=\"yoast-schema-graph\">{\"@context\":\"https:\\\/\\\/schema.org\",\"@graph\":[{\"@type\":\"WebPage\",\"@id\":\"https:\\\/\\\/www.comprarmejor.es\\\/en\\\/product\\\/1958-conde-de-colombi-the-horse-in-the-bullfight\\\/\",\"url\":\"https:\\\/\\\/www.comprarmejor.es\\\/en\\\/product\\\/1958-conde-de-colombi-the-horse-in-the-bullfight\\\/\",\"name\":\"Conde de Colombi, The horse in the bullfight, 1958\",\"isPartOf\":{\"@id\":\"https:\\\/\\\/www.comprarmejor.es\\\/en\\\/#website\"},\"primaryImageOfPage\":{\"@id\":\"https:\\\/\\\/www.comprarmejor.es\\\/en\\\/product\\\/1958-conde-de-colombi-the-horse-in-the-bullfight\\\/#primaryimage\"},\"image\":{\"@id\":\"https:\\\/\\\/www.comprarmejor.es\\\/en\\\/product\\\/1958-conde-de-colombi-the-horse-in-the-bullfight\\\/#primaryimage\"},\"thumbnailUrl\":\"https:\\\/\\\/www.comprarmejor.es\\\/wp-content\\\/uploads\\\/2015\\\/12\\\/p_1_9_6_5_1965-1958-Conde-de-Colombi-El-caballo-en-la-fiesta-de-toros.jpg\",\"datePublished\":\"2015-12-21T23:06:02+00:00\",\"dateModified\":\"2019-09-08T21:03:25+00:00\",\"description\":\"The horse in the bullfight by Jos\u00e9 Mar\u00eda Guti\u00e9rrez Ballesteros, Count of Colomb\u00ed. First Edition, 1958.\",\"breadcrumb\":{\"@id\":\"https:\\\/\\\/www.comprarmejor.es\\\/en\\\/product\\\/1958-conde-de-colombi-the-horse-in-the-bullfight\\\/#breadcrumb\"},\"inLanguage\":\"en-US\",\"potentialAction\":[{\"@type\":\"ReadAction\",\"target\":[\"https:\\\/\\\/www.comprarmejor.es\\\/en\\\/product\\\/1958-conde-de-colombi-the-horse-in-the-bullfight\\\/\"]}]},{\"@type\":\"ImageObject\",\"inLanguage\":\"en-US\",\"@id\":\"https:\\\/\\\/www.comprarmejor.es\\\/en\\\/product\\\/1958-conde-de-colombi-the-horse-in-the-bullfight\\\/#primaryimage\",\"url\":\"https:\\\/\\\/www.comprarmejor.es\\\/wp-content\\\/uploads\\\/2015\\\/12\\\/p_1_9_6_5_1965-1958-Conde-de-Colombi-El-caballo-en-la-fiesta-de-toros.jpg\",\"contentUrl\":\"https:\\\/\\\/www.comprarmejor.es\\\/wp-content\\\/uploads\\\/2015\\\/12\\\/p_1_9_6_5_1965-1958-Conde-de-Colombi-El-caballo-en-la-fiesta-de-toros.jpg\",\"width\":480,\"height\":600},{\"@type\":\"BreadcrumbList\",\"@id\":\"https:\\\/\\\/www.comprarmejor.es\\\/en\\\/product\\\/1958-conde-de-colombi-the-horse-in-the-bullfight\\\/#breadcrumb\",\"itemListElement\":[{\"@type\":\"ListItem\",\"position\":1,\"name\":\"Portada\",\"item\":\"https:\\\/\\\/www.comprarmejor.es\\\/en\\\/\"},{\"@type\":\"ListItem\",\"position\":2,\"name\":\"Shop\",\"item\":\"https:\\\/\\\/www.comprarmejor.es\\\/en\\\/shop\\\/\"},{\"@type\":\"ListItem\",\"position\":3,\"name\":\"1958 Conde de Colombi, The horse in the bullfight\"}]},{\"@type\":\"WebSite\",\"@id\":\"https:\\\/\\\/www.comprarmejor.es\\\/en\\\/#website\",\"url\":\"https:\\\/\\\/www.comprarmejor.es\\\/en\\\/\",\"name\":\"ComprarMejor\",\"description\":\"ComprarMejor\",\"publisher\":{\"@id\":\"https:\\\/\\\/www.comprarmejor.es\\\/en\\\/#organization\"},\"potentialAction\":[{\"@type\":\"SearchAction\",\"target\":{\"@type\":\"EntryPoint\",\"urlTemplate\":\"https:\\\/\\\/www.comprarmejor.es\\\/en\\\/?s={search_term_string}\"},\"query-input\":{\"@type\":\"PropertyValueSpecification\",\"valueRequired\":true,\"valueName\":\"search_term_string\"}}],\"inLanguage\":\"en-US\"},{\"@type\":\"Organization\",\"@id\":\"https:\\\/\\\/www.comprarmejor.es\\\/en\\\/#organization\",\"name\":\"COMPRAR MEJOR\",\"url\":\"https:\\\/\\\/www.comprarmejor.es\\\/en\\\/\",\"logo\":{\"@type\":\"ImageObject\",\"inLanguage\":\"en-US\",\"@id\":\"https:\\\/\\\/www.comprarmejor.es\\\/en\\\/#\\\/schema\\\/logo\\\/image\\\/\",\"url\":\"https:\\\/\\\/www.comprarmejor.es\\\/wp-content\\\/uploads\\\/2025\\\/09\\\/comprarmejortrinidad.jpg\",\"contentUrl\":\"https:\\\/\\\/www.comprarmejor.es\\\/wp-content\\\/uploads\\\/2025\\\/09\\\/comprarmejortrinidad.jpg\",\"width\":1022,\"height\":1380,\"caption\":\"COMPRAR MEJOR\"},\"image\":{\"@id\":\"https:\\\/\\\/www.comprarmejor.es\\\/en\\\/#\\\/schema\\\/logo\\\/image\\\/\"},\"sameAs\":[\"https:\\\/\\\/www.instagram.com\\\/amigosdelcodice\"]}]}<\/script>\n<!-- \/ Yoast SEO plugin. -->","yoast_head_json":{"title":"Conde de Colombi, The horse in the bullfight, 1958","description":"The horse in the bullfight by Jos\u00e9 Mar\u00eda Guti\u00e9rrez Ballesteros, Count of Colomb\u00ed. First Edition, 1958.","robots":{"index":"index","follow":"follow","max-snippet":"max-snippet:-1","max-image-preview":"max-image-preview:large","max-video-preview":"max-video-preview:-1"},"canonical":"https:\/\/www.comprarmejor.es\/en\/product\/1958-conde-de-colombi-the-horse-in-the-bullfight\/","og_locale":"en_US","og_type":"article","og_title":"Conde de Colombi, The horse in the bullfight, 1958","og_description":"The horse in the bullfight by Jos\u00e9 Mar\u00eda Guti\u00e9rrez Ballesteros, Count of Colomb\u00ed. First Edition, 1958.","og_url":"https:\/\/www.comprarmejor.es\/en\/product\/1958-conde-de-colombi-the-horse-in-the-bullfight\/","og_site_name":"ComprarMejor","article_modified_time":"2019-09-08T21:03:25+00:00","og_image":[{"width":480,"height":600,"url":"https:\/\/www.comprarmejor.es\/wp-content\/uploads\/2015\/12\/p_1_9_6_5_1965-1958-Conde-de-Colombi-El-caballo-en-la-fiesta-de-toros.jpg","type":"image\/jpeg"}],"twitter_card":"summary_large_image","twitter_misc":{"Est. reading time":"1 minute"},"schema":{"@context":"https:\/\/schema.org","@graph":[{"@type":"WebPage","@id":"https:\/\/www.comprarmejor.es\/en\/product\/1958-conde-de-colombi-the-horse-in-the-bullfight\/","url":"https:\/\/www.comprarmejor.es\/en\/product\/1958-conde-de-colombi-the-horse-in-the-bullfight\/","name":"Conde de Colombi, The horse in the bullfight, 1958","isPartOf":{"@id":"https:\/\/www.comprarmejor.es\/en\/#website"},"primaryImageOfPage":{"@id":"https:\/\/www.comprarmejor.es\/en\/product\/1958-conde-de-colombi-the-horse-in-the-bullfight\/#primaryimage"},"image":{"@id":"https:\/\/www.comprarmejor.es\/en\/product\/1958-conde-de-colombi-the-horse-in-the-bullfight\/#primaryimage"},"thumbnailUrl":"https:\/\/www.comprarmejor.es\/wp-content\/uploads\/2015\/12\/p_1_9_6_5_1965-1958-Conde-de-Colombi-El-caballo-en-la-fiesta-de-toros.jpg","datePublished":"2015-12-21T23:06:02+00:00","dateModified":"2019-09-08T21:03:25+00:00","description":"The horse in the bullfight by Jos\u00e9 Mar\u00eda Guti\u00e9rrez Ballesteros, Count of Colomb\u00ed. First Edition, 1958.","breadcrumb":{"@id":"https:\/\/www.comprarmejor.es\/en\/product\/1958-conde-de-colombi-the-horse-in-the-bullfight\/#breadcrumb"},"inLanguage":"en-US","potentialAction":[{"@type":"ReadAction","target":["https:\/\/www.comprarmejor.es\/en\/product\/1958-conde-de-colombi-the-horse-in-the-bullfight\/"]}]},{"@type":"ImageObject","inLanguage":"en-US","@id":"https:\/\/www.comprarmejor.es\/en\/product\/1958-conde-de-colombi-the-horse-in-the-bullfight\/#primaryimage","url":"https:\/\/www.comprarmejor.es\/wp-content\/uploads\/2015\/12\/p_1_9_6_5_1965-1958-Conde-de-Colombi-El-caballo-en-la-fiesta-de-toros.jpg","contentUrl":"https:\/\/www.comprarmejor.es\/wp-content\/uploads\/2015\/12\/p_1_9_6_5_1965-1958-Conde-de-Colombi-El-caballo-en-la-fiesta-de-toros.jpg","width":480,"height":600},{"@type":"BreadcrumbList","@id":"https:\/\/www.comprarmejor.es\/en\/product\/1958-conde-de-colombi-the-horse-in-the-bullfight\/#breadcrumb","itemListElement":[{"@type":"ListItem","position":1,"name":"Portada","item":"https:\/\/www.comprarmejor.es\/en\/"},{"@type":"ListItem","position":2,"name":"Shop","item":"https:\/\/www.comprarmejor.es\/en\/shop\/"},{"@type":"ListItem","position":3,"name":"1958 Conde de Colombi, The horse in the bullfight"}]},{"@type":"WebSite","@id":"https:\/\/www.comprarmejor.es\/en\/#website","url":"https:\/\/www.comprarmejor.es\/en\/","name":"ComprarMejor","description":"ComprarMejor","publisher":{"@id":"https:\/\/www.comprarmejor.es\/en\/#organization"},"potentialAction":[{"@type":"SearchAction","target":{"@type":"EntryPoint","urlTemplate":"https:\/\/www.comprarmejor.es\/en\/?s={search_term_string}"},"query-input":{"@type":"PropertyValueSpecification","valueRequired":true,"valueName":"search_term_string"}}],"inLanguage":"en-US"},{"@type":"Organization","@id":"https:\/\/www.comprarmejor.es\/en\/#organization","name":"COMPRAR MEJOR","url":"https:\/\/www.comprarmejor.es\/en\/","logo":{"@type":"ImageObject","inLanguage":"en-US","@id":"https:\/\/www.comprarmejor.es\/en\/#\/schema\/logo\/image\/","url":"https:\/\/www.comprarmejor.es\/wp-content\/uploads\/2025\/09\/comprarmejortrinidad.jpg","contentUrl":"https:\/\/www.comprarmejor.es\/wp-content\/uploads\/2025\/09\/comprarmejortrinidad.jpg","width":1022,"height":1380,"caption":"COMPRAR MEJOR"},"image":{"@id":"https:\/\/www.comprarmejor.es\/en\/#\/schema\/logo\/image\/"},"sameAs":["https:\/\/www.instagram.com\/amigosdelcodice"]}]}},"_links":{"self":[{"href":"https:\/\/www.comprarmejor.es\/en\/wp-json\/wp\/v2\/product\/50409","targetHints":{"allow":["GET"]}}],"collection":[{"href":"https:\/\/www.comprarmejor.es\/en\/wp-json\/wp\/v2\/product"}],"about":[{"href":"https:\/\/www.comprarmejor.es\/en\/wp-json\/wp\/v2\/types\/product"}],"wp:featuredmedia":[{"embeddable":true,"href":"https:\/\/www.comprarmejor.es\/en\/wp-json\/wp\/v2\/media\/50399"}],"wp:attachment":[{"href":"https:\/\/www.comprarmejor.es\/en\/wp-json\/wp\/v2\/media?parent=50409"}],"wp:term":[{"taxonomy":"product_brand","embeddable":true,"href":"https:\/\/www.comprarmejor.es\/en\/wp-json\/wp\/v2\/product_brand?post=50409"},{"taxonomy":"product_cat","embeddable":true,"href":"https:\/\/www.comprarmejor.es\/en\/wp-json\/wp\/v2\/product_cat?post=50409"},{"taxonomy":"product_tag","embeddable":true,"href":"https:\/\/www.comprarmejor.es\/en\/wp-json\/wp\/v2\/product_tag?post=50409"}],"curies":[{"name":"wp","href":"https:\/\/api.w.org\/{rel}","templated":true}]}}